{"id":3,"date":"2019-08-07T15:02:33","date_gmt":"2019-08-07T13:02:33","guid":{"rendered":"http:\/\/www.vmcoaching.be\/?page_id=3"},"modified":"2022-09-21T22:10:09","modified_gmt":"2022-09-21T20:10:09","slug":"politique-de-confidentialite","status":"publish","type":"page","link":"https:\/\/www.vmcoaching.be\/index.php\/politique-de-confidentialite\/","title":{"rendered":"Politique de confidentialit\u00e9"},"content":{"rendered":"\r\n<h2 class=\"wp-block-heading\">Qui sommes-nous\u00a0?<\/h2>\r\n\r\n\r\n\r\n<p>Le site VM coaching est <strong>repr\u00e9sent\u00e9 par<\/strong> Val\u00e9rian Mathonet, personal coach ind\u00e9pendant.<\/p>\r\n\r\n\r\n\r\n<p>Num\u00e9ro d\u2019entreprise et TVA: 0629.697.175.<\/p>\r\n\r\n\r\n\r\n<p><strong>Le si\u00e8ge central <\/strong>est : 55 Karel Verhaegenlaan\u00a0 -1950 Kraainem<\/p>\r\n\r\n\r\n\r\n<p>Tel: +32.486.118.218.<\/p>\r\n\r\n\r\n\r\n<p>Mail: <a href=\"mailto:valerian.mathonet@gmail.com\">valerian.mathonet@gmail.com<\/a><\/p>\r\n\r\n\r\n\r\n<p><strong>L\u2019adresse du site Web<\/strong> est <a href=\"http:\/\/www.vmcoaching.be\">www.vmcoaching.be<\/a> qui regroupe plusieurs activit\u00e9s, dont celle de Belgium Paddle, Immersion Diving, Uwhshop.com<\/p>\r\n\r\n\r\n\r\n<p>Une page web est d\u00e9di\u00e9 au magasin de mat\u00e9riel\u00a0:<\/p>\r\n\r\n\r\n\r\n<p><a href=\"http:\/\/www.swimmingshop.be\">www.swimmingshop.be<\/a><\/p>\r\n\r\n\r\n\r\n<p><a href=\"http:\/\/www.aquagymshop.be\">www.aquagymshop.be<\/a><\/p>\r\n<p><a href=\"http:\/\/www.uwhshop.com\/\">www.uwhshop.com<\/a><\/p>\r\n\r\n\r\n\r\n<p><strong>Facebook\u00a0: <\/strong><\/p>\r\n\r\n\r\n\r\n<p><a href=\"https:\/\/www.facebook.com\/coachsportifetmental\">https:\/\/www.facebook.com\/coachsportifetmental<\/a><\/p>\r\n\r\n\r\n\r\n<p><a href=\"https:\/\/www.facebook.com\/BelgiumPaddle\">https:\/\/www.facebook.com\/BelgiumPaddle<\/a><\/p>\r\n\r\n\r\n\r\n<p><strong>Coordonn\u00e9es bancaires\u00a0: <\/strong><\/p>\r\n\r\n\r\n\r\n<p>IBAN: BE98001755980993.<\/p>\r\n\r\n\r\n\r\n<p>BIC: GEBABEBB.<\/p>\r\n<p>Pour Uwhshop.com : IBAN: BE02001893347040.<\/p>\r\n\r\n\r\n\r\n<h2 class=\"wp-block-heading\">Utilisation des donn\u00e9es personnelles collect\u00e9es<\/h2>\r\n\r\n\r\n\r\n<p>Les\u00a0donn\u00e9es \u00e0 caract\u00e8re personnel\u00a0d\u00e9signent toute information se rapportant \u00e0 une personne physique identifi\u00e9e ou identifiable, telle que le nom, les coordonn\u00e9es t\u00e9l\u00e9phoniques, une adresse e-mail, un num\u00e9ro de compte bancaire, etc.<\/p>\r\n\r\n\r\n\r\n<p>Elles peuvent concerner des fournisseurs, des utilisateurs de <strong>VM Coaching<\/strong>, des employ\u00e9s, des clients, des partenariats avec Belgium Paddle et autres collaborateurs pr\u00e9sents et anciens.<\/p>\r\n\r\n\r\n\r\n<p><strong>VM Coaching <\/strong>recueille uniquement les donn\u00e9es personnelles n\u00e9cessaires pour mener ses activit\u00e9s, ou requises par la loi. Le fondement juridique des traitements varie en fonction de la finalit\u00e9 de ceux-ci et du type de donn\u00e9es. (Voir registre des traitements).<\/p>\r\n\r\n\r\n\r\n<p>Les diff\u00e9rentes cat\u00e9gories de donn\u00e9es personnelles trait\u00e9es habituellement par VM Coaching sont les suivantes\u00a0:<\/p>\r\n\r\n\r\n\r\n<ul>\r\n<li>Donn\u00e9es d\u2019identification et caract\u00e9ristiques personnelles le nom, les coordonn\u00e9es t\u00e9l\u00e9phoniques, une adresse e-mail, un num\u00e9ro de compte bancaire, etc.<\/li>\r\n<li>Autres donn\u00e9es fournies lors de la prise de contact avec <strong>VM Coaching<\/strong> notamment en utilisant les formulaires de contact, de t\u00e9l\u00e9chargement ou d\u2019inscription sur le site Web;<\/li>\r\n<li>Donn\u00e9es envoy\u00e9es \u00e0 <strong>VM Coaching <\/strong>via un sondage en ligne.<\/li>\r\n<li>\u2026..<\/li>\r\n<\/ul>\r\n\r\n\r\n\r\n<h3 class=\"wp-block-heading\">Commentaires<\/h3>\r\n\r\n\r\n\r\n<p>Quand vous laissez un commentaire sur notre site web, les donn\u00e9es inscrites dans le formulaire de commentaire, mais aussi votre adresse IP et l\u2019agent utilisateur de votre navigateur sont collect\u00e9s pour nous aider \u00e0 la d\u00e9tection des commentaires ind\u00e9sirables.<\/p>\r\n\r\n\r\n\r\n<p>Une cha\u00eene anonymis\u00e9e cr\u00e9\u00e9e \u00e0 partir de votre adresse de messagerie (\u00e9galement appel\u00e9e hash) peut \u00eatre envoy\u00e9e au service Gravatar pour v\u00e9rifier si vous utilisez ce dernier. Les clauses de confidentialit\u00e9 du service Gravatar sont disponibles ici\u00a0: https:\/\/automattic.com\/privacy\/. Apr\u00e8s validation de votre commentaire, votre photo de profil sera visible publiquement \u00e0 cot\u00e9 de votre commentaire.<\/p>\r\n\r\n\r\n\r\n<h3 class=\"wp-block-heading\">M\u00e9dias<\/h3>\r\n\r\n\r\n\r\n<p>En donnant votre avis dans l\u2019une quelconque des rubriques du site de <strong>VM Coaching<\/strong> ou en communiquant tout contenu, vous c\u00e9dez express\u00e9ment et gracieusement \u00e0 <strong>VM Coaching<\/strong> tous droits de propri\u00e9t\u00e9 intellectuelle y aff\u00e9rant et notamment le droit de reproduction, de repr\u00e9sentation, d\u2019adaptation, sur tout support et en tout format connus ou inconnus \u00e0 ce jour, pour le monde entier et pour la dur\u00e9e de la propri\u00e9t\u00e9 intellectuelle actuelle ou \u00e0 venir.<\/p>\r\n\r\n\r\n\r\n<p>En publiant un message sur le site de <strong>VM Coaching<\/strong>\u00a0vous vous engagez \u00e0 ne pas violer la loi et notamment \u00e0 ne pas diffamer, abuser, diffuser tout contenu raciste ou contraire aux bonnes m\u0153urs, harceler ou menacer quiconque, ni \u00e0 violer les droits d\u2019autrui tels le droit \u00e0 la vie priv\u00e9e, le droit \u00e0 l\u2019image et le droit \u00e0 la dignit\u00e9 humaine.<\/p>\r\n\r\n\r\n\r\n<p>Vous \u00eates seul et unique responsable des propos tenus dans votre message et \u00e0 ce titre garantissez <strong>VM Coaching<\/strong> contre tout recours et\/ou actions que pourrait intenter toute personne du fait de la diffusion de votre message sur le site de <strong>VM Coaching.<\/strong><\/p>\r\n\r\n\r\n\r\n<p><strong>VM Coaching <\/strong>se r\u00e9serve la possibilit\u00e9 discr\u00e9tionnaire de publier ou non tout message sur son site, de le modifier, de le conserver en ligne ou de le supprimer \u00e0 tout moment et sans avoir \u00e0 vous en informer pr\u00e9alablement.<\/p>\r\n\r\n\r\n\r\n<p>Si vous \u00eates un utilisateur ou une utilisatrice enregistr\u00e9\u00b7e et que vous t\u00e9l\u00e9versez des images sur le site web, nous vous conseillons d\u2019\u00e9viter de t\u00e9l\u00e9verser des images contenant des donn\u00e9es EXIF de coordonn\u00e9es GPS. Les visiteurs de votre site web peuvent t\u00e9l\u00e9charger et extraire des donn\u00e9es de localisation depuis ces images.<\/p>\r\n\r\n\r\n\r\n<h3 class=\"wp-block-heading\">Formulaires de contact<\/h3>\r\n\r\n\r\n\r\n<h3 class=\"wp-block-heading\">Cookies<\/h3>\r\n\r\n\r\n\r\n<p><strong>VM Coaching <\/strong>autorise, dans certains cas, \u00e0 d\u00e9poser des cookies dans votre ordinateur. Un \u00ab\u00a0cookie\u00a0\u00bb est une courte cha\u00eene de caract\u00e8res d\u00e9pos\u00e9e dans un fichier de votre ordinateur par votre navigateur.<\/p>\r\n\r\n\r\n\r\n<p>Les cookies sont surtout utilis\u00e9s pour conserver une information permanente ou temporaire.<\/p>\r\n\r\n\r\n\r\n<p>Si vous ne voulez pas stocker des cookies sur votre ordinateur, vous pouvez d\u00e9sactiver cette option dans votre navigateur.<\/p>\r\n\r\n\r\n\r\n<p>Si vous d\u00e9posez un commentaire sur notre site, il vous sera propos\u00e9 d\u2019enregistrer votre nom, adresse de messagerie et site web dans des cookies. C\u2019est uniquement pour votre confort afin de ne pas avoir \u00e0 saisir ces informations si vous d\u00e9posez un autre commentaire plus tard. Ces cookies expirent au bout d\u2019un an.<\/p>\r\n\r\n\r\n\r\n<p>Si vous avez un compte et que vous vous connectez sur ce site, un cookie temporaire sera cr\u00e9\u00e9 afin de d\u00e9terminer si votre navigateur accepte les cookies. Il ne contient pas de donn\u00e9es personnelles et sera supprim\u00e9 automatiquement \u00e0 la fermeture de votre navigateur.<\/p>\r\n\r\n\r\n\r\n<p>Lorsque vous vous connecterez, nous mettrons en place un certain nombre de cookies pour enregistrer vos informations de connexion et vos pr\u00e9f\u00e9rences d\u2019\u00e9cran. La dur\u00e9e de vie d\u2019un cookie de connexion est de deux jours, celle d\u2019un cookie d\u2019option d\u2019\u00e9cran est d\u2019un an. Si vous cochez \u00ab\u00a0Se souvenir de moi\u00a0\u00bb, votre cookie de connexion sera conserv\u00e9 pendant deux semaines. Si vous vous d\u00e9connectez de votre compte, le cookie de connexion sera effac\u00e9.<\/p>\r\n\r\n\r\n\r\n<p>En modifiant ou en publiant une publication, un cookie suppl\u00e9mentaire sera enregistr\u00e9 dans votre navigateur. Ce cookie ne comprend aucune donn\u00e9e personnelle. Il indique simplement l\u2019ID de la publication que vous venez de modifier. Il expire au bout d\u2019un jour.<\/p>\r\n\r\n\r\n\r\n<h3 class=\"wp-block-heading\">Contenu embarqu\u00e9 depuis d\u2019autres sites<\/h3>\r\n\r\n\r\n\r\n<p>Vous pouvez \u00e9tablir un lien entre votre propre site et la page d\u2019accueil du site de <strong>VM Coaching<\/strong>. Tout hyperlien entre votre propre site et une page int\u00e9rieure du site doit \u00eatre express\u00e9ment et pr\u00e9alablement autoris\u00e9 par <strong>VM Coaching.<\/strong><\/p>\r\n\r\n\r\n\r\n<p>L\u2019utilisation du site ne conf\u00e8re aucun droit de propri\u00e9t\u00e9 intellectuelle \u00e0 l\u2019utilisateur sur le contenu du site qui reste la propri\u00e9t\u00e9 exclusive de <strong>VM Coaching.<\/strong><\/p>\r\n\r\n\r\n\r\n<p>Ainsi, tous les textes, photos, vid\u00e9os, donn\u00e9es, affiches, logos, marques et autres \u00e9l\u00e9ments reproduits sur le site sont r\u00e9serv\u00e9s et prot\u00e9g\u00e9s par le droit des marques et\/ou le droit d\u2019auteur et\/ou toute autre disposition en vigueur qui seraient applicables en mati\u00e8re de propri\u00e9t\u00e9 intellectuelle.\u00a0 A ce titre, seule l\u2019utilisation pour un usage priv\u00e9 vous est autoris\u00e9e. Toute autre utilisation est constitutive de contrefa\u00e7on et\/ou d\u2019atteinte au droit des marques et\/ou au droit d\u2019auteur et\/ou \u00e0 toutes autres dispositions en vigueur qui seraient applicables en mati\u00e8re de propri\u00e9t\u00e9 intellectuelle.<\/p>\r\n\r\n\r\n\r\n<p>Il est donc interdit de reproduire, repr\u00e9senter, diffuser, commercialiser, modifier, conc\u00e9der tout ou partie de l\u2019un quelconque des \u00e9l\u00e9ments reproduits sur le site et tout ou partie du site en g\u00e9n\u00e9ral, sans l\u2019autorisation pr\u00e9alable et express de <strong>VM Coaching<\/strong>.<\/p>\r\n\r\n\r\n\r\n<p>Toute utilisation illicite de tout ou partie du site (piratage, contrefa\u00e7on, etc.) pourra donner lieu \u00e0 des poursuites conform\u00e9ment aux lois en vigueur.<\/p>\r\n\r\n\r\n\r\n<p>Les articles de ce site peuvent inclure des contenus int\u00e9gr\u00e9s (par exemple des vid\u00e9os, images, articles\u2026). Le contenu int\u00e9gr\u00e9 depuis d\u2019autres sites se comporte de la m\u00eame mani\u00e8re que si le visiteur se rendait sur cet autre site.<\/p>\r\n\r\n\r\n\r\n<p>Ces sites web pourraient collecter des donn\u00e9es sur vous, utiliser des cookies, embarquer des outils de suivis tiers, suivre vos interactions avec ces contenus embarqu\u00e9s si vous disposez d\u2019un compte connect\u00e9 sur leur site web.<\/p>\r\n\r\n\r\n\r\n<h3 class=\"wp-block-heading\">Statistiques et mesures d\u2019audience<\/h3>\r\n\r\n\r\n\r\n<p>Les donn\u00e9es fournies par le Google analytique du site sont anonymis\u00e9es et nous permettent de rendre celui-ci efficient.<\/p>\r\n\r\n\r\n\r\n<h2 class=\"wp-block-heading\">Utilisation et transmission de vos donn\u00e9es personnelles<\/h2>\r\n\r\n\r\n\r\n<p>Les donn\u00e9es personnelles ne sont accessibles qu\u2019au responsable, d\u00e9nomm\u00e9 au 1<sup>er<\/sup> paragraphe, de <strong>VM Coaching <\/strong>charg\u00e9 de r\u00e9aliser l\u2019objectif sp\u00e9cifique pour lequel les donn\u00e9es ont \u00e9t\u00e9 collect\u00e9es.<\/p>\r\n\r\n\r\n\r\n<p>En communiquant des donn\u00e9es personnelles \u00e0 <strong>VM Coaching<\/strong>, vous vous engagez \u00e0 ce que ces informations soient vraies, exactes et compl\u00e8tes.<\/p>\r\n\r\n\r\n\r\n<p>Afin d\u2019assurer l\u2019exactitude et la validit\u00e9 des donn\u00e9es personnelles collect\u00e9es, utilis\u00e9es et divulgu\u00e9es, vous devez informer <strong>VM Coaching<\/strong> par \u00e9crit ou par mail via l\u2019adresse <a href=\"about:blank\">valerian.mathonet@gmail.com<\/a>, responsable du traitement des donn\u00e9es priv\u00e9es (DPO), de tout changement dans les donn\u00e9es personnelles pr\u00e9c\u00e9demment fournies \u00e0 <strong>VM Coaching<\/strong><\/p>\r\n\r\n\r\n\r\n<p>Les donn\u00e9es sont collect\u00e9es pour les finalit\u00e9s d\u00e9termin\u00e9es, explicites et l\u00e9gitimes suivantes :<\/p>\r\n\r\n\r\n\r\n<ul>\r\n<li>Respect des obligations l\u00e9gales et contractuelles.<\/li>\r\n<li>Gestion de la relation avec les clients, les fournisseurs et les institutions partenaires.<\/li>\r\n<li>Gestion comptable, du personnel et des salaires.<\/li>\r\n<li>Planification et organisation du travail.<\/li>\r\n<li>Utilisation des donn\u00e9es \u00e0 des fins statistiques.<\/li>\r\n<li>Archivage et conservation de donn\u00e9es.<\/li>\r\n<\/ul>\r\n\r\n\r\n\r\n<p><strong>VM Coaching <\/strong>d\u00e9cline toute responsabilit\u00e9 en cas d\u2019erreur, d\u2019inexactitude ou d\u2019omission affectant les informations.\u00a0De mani\u00e8re g\u00e9n\u00e9rale, <strong>VM Coaching <\/strong>ne peut \u00eatre tenue pour responsable en cas de probl\u00e8me d\u2019ordre technique de quelque nature que ce soit affectant la diffusion de son site.<\/p>\r\n\r\n\r\n\r\n<p><strong>VM Coaching<\/strong> se r\u00e9serve la possibilit\u00e9 de modifier, d\u2019interrompre temporairement ou de fa\u00e7on permanente, tout ou partie du site, sans pr\u00e9avis ni indemnit\u00e9 quelconques.<\/p>\r\n\r\n\r\n\r\n<p><strong>VM Coaching<\/strong> ne pourra en aucun cas \u00eatre tenue pour responsable \u00e0 votre encontre ou \u00e0 l\u2019encontre d\u2019un tiers de toute modification, interruption, suspension ou suppression du Site.<\/p>\r\n\r\n\r\n\r\n<p>Au cas o\u00f9 des liens seraient cr\u00e9\u00e9s par <strong>VM Coaching <\/strong>avec d\u2019autres sites, <strong>VM Coaching<\/strong> ne peut \u00eatre tenue responsable du contenu et de l\u2019existence de ces autres sites.<\/p>\r\n\r\n\r\n\r\n<p>Malgr\u00e9 le plus grand soin apport\u00e9 \u00e0 la cr\u00e9ation et \u00e0 la mise \u00e0 jour de ce site, <strong>VM Coaching<\/strong> ne peut garantir l\u2019exactitude de l\u2019information qui s\u2019y trouve et d\u00e9cline toute responsabilit\u00e9 quant au contenu du site et \u00e0 son utilisation. Les informations et donn\u00e9es contenues dans le site sont communiqu\u00e9es \u00e0 titre purement informatif et indicatif.<\/p>\r\n\r\n\r\n\r\n<h2 class=\"wp-block-heading\">Dur\u00e9es de stockage de vos donn\u00e9es<\/h2>\r\n\r\n\r\n\r\n<p><strong>VM Coaching<\/strong> ne conserve les donn\u00e9es \u00e0 caract\u00e8re personnel que pendant la dur\u00e9e n\u00e9cessaire afin d\u2019atteindre les finalit\u00e9s sp\u00e9cifiques en vue desquelles le traitement est effectu\u00e9. Voir registre de traitement<\/p>\r\n\r\n\r\n\r\n<p>Pour d\u00e9terminer la dur\u00e9e appropri\u00e9e, il est tenu compte de la quantit\u00e9, de la nature et la sensibilit\u00e9 des donn\u00e9es personnelles, les finalit\u00e9s pour lesquelles elles sont trait\u00e9es et la possibilit\u00e9 d\u2019atteindre ces finalit\u00e9s par d\u2019autres moyens.<\/p>\r\n\r\n\r\n\r\n<p>Il est \u00e9galement tenu compte de la n\u00e9cessit\u00e9 de se conformer \u00e0 ses obligations l\u00e9gales et r\u00e8glementaires.<\/p>\r\n\r\n\r\n\r\n<p>Lorsque les donn\u00e9es ne sont plus n\u00e9cessaires, elles font l\u2019objet d\u2019une destruction. Afin d\u2019assurer le niveau de s\u00e9curit\u00e9 le plus \u00e9lev\u00e9, la dur\u00e9e d\u2019utilisation et de conservation des donn\u00e9es peut \u00eatre r\u00e9duite et des d\u00e9marches visant \u00e0 les anonymiser sont entreprises. L\u2019anonymisation a pour but de rendre plus difficile d\u2019associer une donn\u00e9e \u00e0 la personne concern\u00e9e.<\/p>\r\n\r\n\r\n\r\n<p>Si vous laissez un commentaire, le commentaire et ses m\u00e9tadonn\u00e9es sont conserv\u00e9s ind\u00e9finiment. Cela permet de reconna\u00eetre et approuver automatiquement les commentaires suivants au lieu de les laisser dans la file de mod\u00e9ration.<\/p>\r\n\r\n\r\n\r\n<p>Pour les utilisateurs et utilisatrices qui s\u2019enregistrent sur notre site (si cela est possible), nous stockons \u00e9galement les donn\u00e9es personnelles indiqu\u00e9es dans leur profil. Tous les utilisateurs et utilisatrices peuvent voir, modifier ou supprimer leurs informations personnelles \u00e0 tout moment (\u00e0 l\u2019exception de leur nom d\u2019utilisateur\u00b7ice). Les gestionnaires du site peuvent aussi voir et modifier ces informations.<\/p>\r\n\r\n\r\n\r\n<h2 class=\"wp-block-heading\">Les droits que vous avez sur vos donn\u00e9es<\/h2>\r\n\r\n\r\n\r\n<p><strong>VM Coaching<\/strong> maintient un haut niveau de transparence concernant les donn\u00e9es qu\u2019elle utilise.<\/p>\r\n\r\n\r\n\r\n<p>Pour autant que les conditions d\u00e9finies dans la l\u00e9gislation applicable soient remplies, toutes les personnes dont les donn\u00e9es sont trait\u00e9es ont le droit\u00a0:<\/p>\r\n\r\n\r\n\r\n<ul>\r\n<li>de demander des informations\u00a0afin de savoir si <strong>VM Coaching<\/strong>poss\u00e8de des informations personnelles et, le cas \u00e9ch\u00e9ant, quelles sont ces informations et \u00e0 quelles fins elles sont trait\u00e9es\u00a0;<\/li>\r\n<li>d\u2019acc\u00e9der\u00a0\u00e0 leurs donn\u00e9es\u00a0\u00e0 caract\u00e8re personnel et, le cas \u00e9ch\u00e9ant, de rectifier lesdites donn\u00e9es\u00a0;<\/li>\r\n<li>de s\u2019opposer au traitement\u00a0concern\u00e9 pour des raisons tenant \u00e0 leur situation particuli\u00e8re\u00a0;<\/li>\r\n<li>d\u2019obtenir l\u2019effacement de ces donn\u00e9es\u00a0ou la limitation de leur traitement, ce qui permet p.ex. de demander \u00e0 <strong>VM Coaching<\/strong>la suspension du traitement des donn\u00e9es personnelles, le temps n\u00e9cessaire \u00e0 la v\u00e9rification de l\u2019exactitude de certaines donn\u00e9es\u00a0;<\/li>\r\n<li>de\u00a0recevoir les donn\u00e9es \u00e0 caract\u00e8re personnel les concernant dans un format structur\u00e9, couramment utilis\u00e9 et lisible par machine, et de transmettre ces donn\u00e9es \u00e0 un autre responsable de traitement\u00a0;<\/li>\r\n<li>d\u2019introduire une r\u00e9clamation\u00a0aupr\u00e8s de l\u2019Autorit\u00e9 de protection des donn\u00e9es si elles constatent que ce traitement enfreint la l\u00e9gislation et la r\u00e9glementation applicables.<\/li>\r\n<\/ul>\r\n\r\n\r\n\r\n<p>Droit d\u2019acc\u00e8s\u00a0:\u00a0Vous disposez du droit de recevoir une copie de vos donn\u00e9es que nous poss\u00e9dons.<\/p>\r\n\r\n\r\n\r\n<p>Droit d\u2019effacement et droit de rectification\u00a0:\u00a0Vous pouvez \u00e9galement demander l\u2019effacement de vos donn\u00e9es ainsi que la rectification de toute erreur ou information obsol\u00e8te.<\/p>\r\n\r\n\r\n\r\n<p>Droit d\u2019opposition\u00a0:\u00a0Vous disposez \u00e9galement du droit de vous opposer \u00e0 tout moment au traitement de vos donn\u00e9es personnelles \u00e0 des fins de marketing ou aux traitements effectu\u00e9s.<\/p>\r\n\r\n\r\n\r\n<p>Droit \u00e0 la limitation\u00a0:\u00a0Vous disposez, dans certains cas vis\u00e9s par la r\u00e9glementation, du droit de demander la suspension d\u2019un traitement effectu\u00e9 sur vos donn\u00e9es.<\/p>\r\n\r\n\r\n\r\n<p>Droit \u00e0 la portabilit\u00e9\u00a0:\u00a0Vous disposez du droit \u00e0 la portabilit\u00e9 de vos donn\u00e9es, c\u2019est-\u00e0-dire au droit de recevoir les donn\u00e9es que nous poss\u00e9dons dans un format structur\u00e9, couramment utilis\u00e9 et lisible et le droit de transmettre ces donn\u00e9es \u00e0 un autre responsable de traitement.<\/p>\r\n\r\n\r\n\r\n<p>Droit \u00e0 l\u2019oubli\u00a0:\u00a0Vos disposez du droit de d\u00e9finir des directives relatives au sort de vos donn\u00e9es personnelles apr\u00e8s votre d\u00e9c\u00e8s.<\/p>\r\n\r\n\r\n\r\n<h2 class=\"wp-block-heading\">Transmission de vos donn\u00e9es personnelles<\/h2>\r\n\r\n\r\n\r\n<p>Ces donn\u00e9es peuvent \u00eatre transmises \u00e0 des personnes tierces \u00e0 votre demande, ou lorsque cela s\u2019av\u00e8re n\u00e9cessaire pour r\u00e9aliser l\u2019objectif sp\u00e9cifique, ou dans les cas pr\u00e9vus par la loi, notamment aux\u00a0:<\/p>\r\n\r\n\r\n\r\n<ul>\r\n<li>Prestataires de services r\u00e9alisant des prestations pour le compte de VM Coaching<\/li>\r\n<li>Certaines professions r\u00e9glement\u00e9es telles que les avocats, les notaires ou les commissaires aux comptes.<\/li>\r\n<li>Aux partenaires<\/li>\r\n<li>Aux formateurs dans le cadre des formations organis\u00e9es par<strong> VM Coaching<\/strong><\/li>\r\n<\/ul>\r\n\r\n\r\n\r\n<p>Les commentaires des visiteurs peuvent \u00eatre v\u00e9rifi\u00e9s \u00e0 l\u2019aide d\u2019un service automatis\u00e9 de d\u00e9tection des commentaires ind\u00e9sirables.<\/p>\r\n\r\n\r\n\r\n<h2 class=\"wp-block-heading\">Informations de contact<\/h2>\r\n\r\n\r\n\r\n<p>Vous pouvez exercer les droits mentionn\u00e9s ci-dessus au moyen d\u2019une demande dat\u00e9e et sign\u00e9e et accompagn\u00e9e, pour des raisons de s\u00e9curit\u00e9, d\u2019une copie de la carte d\u2019identit\u00e9.<\/p>\r\n\r\n\r\n\r\n<p>La demande peut \u00eatre adress\u00e9e par voie postale \u00e0 <strong>VM Coaching<\/strong>, D\u00e9l\u00e9gu\u00e9 \u00e0 la protection des donn\u00e9es (DPO), Karel Verhaegenlaan 55 \u2013 1950 Kraainem. La demande peut \u00e9galement \u00eatre envoy\u00e9e par courriel avec signature \u00e9lectronique \u00e0 l\u2019adresse suivante : <a href=\"about:blank\">valerian.mathonet@gmail.com<\/a><\/p>\r\n\r\n\r\n\r\n<p>L\u2019exercice de ces droits est par ailleurs gratuit. Si toutefois la demande est manifestement infond\u00e9e ou abusive, l\u2019acc\u00e8s peut \u00eatre refus\u00e9 et\/ou des frais raisonnables peuvent \u00eatre factur\u00e9s<\/p>\r\n\r\n\r\n\r\n<h2 class=\"wp-block-heading\">Informations suppl\u00e9mentaires<\/h2>\r\n\r\n\r\n\r\n<h3 class=\"wp-block-heading\">Comment nous prot\u00e9geons vos donn\u00e9es<\/h3>\r\n\r\n\r\n\r\n<p><strong>VM Coaching<\/strong><strong>\u00a0<\/strong>prend\u00a0des\u00a0\u00a0mesures techniques et organisationnelles ad\u00e9quates en vue de prot\u00e9ger les donn\u00e9es personnelles contre toute interception non autoris\u00e9e.\u00a0<strong>VM Coaching<\/strong>\u00a0conserve ces donn\u00e9es dans des environnements s\u00e9curis\u00e9s.<\/p>\r\n\r\n\r\n\r\n<p><strong>VM Coaching\u00a0<\/strong>informe notamment ses collaborateurs sur les meilleures pratiques en mati\u00e8re de protection des donn\u00e9es.<\/p>\r\n\r\n\r\n\r\n<p>Bien que\u00a0<strong>VM Coaching<\/strong><strong>\u00a0<\/strong>utilise tous les efforts raisonnables pour prot\u00e9ger les informations personnelles, elle ne peut garantir la s\u00e9curit\u00e9 absolue des donn\u00e9es soumises via son site Web.<\/p>\r\n\r\n\r\n\r\n<h3 class=\"wp-block-heading\">Proc\u00e9dures mises en \u0153uvre en cas de fuite de donn\u00e9es<\/h3>\r\n\r\n\r\n\r\n<p><strong>VM Coaching<\/strong> s\u2019engage \u00e0 informer ses utilisateurs de toutes intrusions ou vols\u00a0 de donn\u00e9es av\u00e9r\u00e9es.<\/p>\r\n\r\n\r\n\r\n<p>Sous r\u00e9serve des dispositions l\u00e9gales ou r\u00e9glementaires applicables, <strong>VM Coaching <\/strong>ne saurait \u00eatre tenue pour responsable de tout dommage direct ou indirect, notamment mais non limitativement, pertes de profits, de client\u00e8les, de donn\u00e9es, de biens incorporels pouvant intervenir du fait de l\u2019utilisation ou de l\u2019impossibilit\u00e9 d\u2019utilisation du site, et plus g\u00e9n\u00e9ralement, de tout \u00e9v\u00e9nement ayant un lien avec le site et\/ou tout site tiers.<\/p>\r\n\r\n\r\n\r\n<p>En particulier, la responsabilit\u00e9 de <strong>VM Coaching <\/strong>ne saurait \u00eatre engag\u00e9e en cas de piratage total ou partiel du site et des dommages que ce piratage pourrait entra\u00eener \u00e0 votre \u00e9gard ou \u00e0 l\u2019\u00e9gard d\u2019un tiers.<\/p>\r\n\r\n\r\n\r\n<h3 class=\"wp-block-heading\">Les services tiers qui nous transmettent des donn\u00e9es<\/h3>\r\n\r\n\r\n\r\n<p>Les donn\u00e9es peuvent \u00eatre communiqu\u00e9es \u00e0 des tiers de confiance aux fins \u00e9nonc\u00e9es dans la pr\u00e9sente politique de protection des donn\u00e9es.\u00a0<strong>VM Coaching<\/strong>\u00a0exige toutefois de ces tiers qu\u2019ils mettent en place les mesures de s\u00e9curit\u00e9 techniques et op\u00e9rationnelles adapt\u00e9es pour prot\u00e9ger les donn\u00e9es\u00a0concern\u00e9es\u00a0\u00e0 travers une convention sign\u00e9e aupr\u00e8s d\u2019eux.<\/p>\r\n\r\n\r\n\r\n<h3 class=\"wp-block-heading\">Op\u00e9rations de marketing automatis\u00e9 et\/ou de profilage r\u00e9alis\u00e9es \u00e0 l\u2019aide des donn\u00e9es personnelles<\/h3>\r\n\r\n\r\n\r\n<p>Les donn\u00e9es personnelles conserv\u00e9es par <strong>VM Coaching \u00a0<\/strong>ne sont pas transmises \u00e0 des tiers \u00e0 des fins marketing.<\/p>\r\n\r\n\r\n\r\n<h3 class=\"wp-block-heading\">Affichage des informations li\u00e9es aux secteurs soumis \u00e0 des r\u00e9gulations sp\u00e9cifiques<\/h3>\r\n\r\n\r\n\r\n<ul>\r\n<li>Transfert de donn\u00e9es personnelles en dehors de la Belgique et hors de l\u2019Union Europ\u00e9enne (UE)<\/li>\r\n<\/ul>\r\n\r\n\r\n\r\n<p><strong>VM Coaching <\/strong>peut transf\u00e9rer les donn\u00e9es personnelles en dehors de la Belgique et de l\u2019UE pour des fins d\u00e9termin\u00e9es. Ces donn\u00e9es et informations peuvent \u00eatre divulgu\u00e9es, trait\u00e9es, conserv\u00e9es conform\u00e9ment aux lois, r\u00e8gles et r\u00e9glementations locales en mati\u00e8re de protection des donn\u00e9es applicables dans les juridictions concern\u00e9es.<\/p>\r\n\r\n\r\n\r\n<p><strong>VM Coaching <\/strong>vous demandera votre consentement explicite avant de transf\u00e9rer vos donn\u00e9es personnelles vers un pays tiers ayant un niveau de protection insuffisant selon la DPA<\/p>\r\n\r\n\r\n\r\n<ul>\r\n<li>Droit applicable \u2013 Litiges<\/li>\r\n<\/ul>\r\n\r\n\r\n\r\n<p>Le site est soumis au droit belge et en cas de litige seuls les tribunaux de l\u2019arrondissement de Bruxelles seront comp\u00e9tents.<\/p>\r\n\r\n\r\n\r\n<p>VM Coaching \u2013\u00a0 Karel Verhaegenlaan 55\u00a0 - 1950 Kraainem<br \/>GSM\u00a0:\u00a0 0486\/118 218 \u2013E-mail <a href=\"about:blank\">valerian.mathonet@gmail.com<\/a><\/p>\r\n\r\n\r\n\r\n<p>La simple utilisation et\/ou consultation de ce site implique, de fa\u00e7on automatique et inconditionnelle, votre acceptation pleine et enti\u00e8re de l\u2019ensemble des pr\u00e9sentes conditions d\u2019utilisation. <strong>VM Coaching<\/strong> se r\u00e9serve le droit de modifier \u00e0 tout moment les pr\u00e9sentes conditions d\u2019utilisation, sans pr\u00e9avis ni indemnit\u00e9s quelconques. Ainsi, nous vous conseillons de les consulter r\u00e9guli\u00e8rement.<\/p>\r\n","protected":false},"excerpt":{"rendered":"<p>Qui sommes-nous\u00a0? Le site VM coaching est repr\u00e9sent\u00e9 par Val\u00e9rian Mathonet, personal coach ind\u00e9pendant. Num\u00e9ro d\u2019entreprise et TVA: 0629.697.175. Le si\u00e8ge central est : 55 Karel Verhaegenlaan\u00a0 -1950 Kraainem Tel:<\/p>\n","protected":false},"author":1,"featured_media":0,"parent":0,"menu_order":0,"comment_status":"closed","ping_status":"open","template":"","meta":{"footnotes":""},"_links":{"self":[{"href":"https:\/\/www.vmcoaching.be\/index.php\/wp-json\/wp\/v2\/pages\/3"}],"collection":[{"href":"https:\/\/www.vmcoaching.be\/index.php\/wp-json\/wp\/v2\/pages"}],"about":[{"href":"https:\/\/www.vmcoaching.be\/index.php\/wp-json\/wp\/v2\/types\/page"}],"author":[{"embeddable":true,"href":"https:\/\/www.vmcoaching.be\/index.php\/wp-json\/wp\/v2\/users\/1"}],"replies":[{"embeddable":true,"href":"https:\/\/www.vmcoaching.be\/index.php\/wp-json\/wp\/v2\/comments?post=3"}],"version-history":[{"count":7,"href":"https:\/\/www.vmcoaching.be\/index.php\/wp-json\/wp\/v2\/pages\/3\/revisions"}],"predecessor-version":[{"id":6011,"href":"https:\/\/www.vmcoaching.be\/index.php\/wp-json\/wp\/v2\/pages\/3\/revisions\/6011"}],"wp:attachment":[{"href":"https:\/\/www.vmcoaching.be\/index.php\/wp-json\/wp\/v2\/media?parent=3"}],"curies":[{"name":"wp","href":"https:\/\/api.w.org\/{rel}","templated":true}]}}